{"id":298,"date":"2018-05-21T15:19:11","date_gmt":"2018-05-21T13:19:11","guid":{"rendered":"http:\/\/www.schattenberg.at\/cms\/?page_id=298"},"modified":"2020-10-03T19:31:19","modified_gmt":"2020-10-03T17:31:19","slug":"datenschutz","status":"publish","type":"page","link":"http:\/\/www.schattenberg.at\/cms\/datenschutz\/","title":{"rendered":"Datenschutz"},"content":{"rendered":"<h1><span style=\"font-family: helvetica; font-size: 24pt;\">Datenschutzerkl\u00e4rung<\/span><\/h1>\n<p>&nbsp;<\/p>\n<p><span style=\"font-family: helvetica;\">Diese Website wird betrieben von Dr. Gudrun Schattenberg, mit Sitz in Gmunden. In dieser Datenschutzerkl\u00e4rung wird von mir als Verantwortlichem nach Art. 4 Abs. 7 EU-DSGVO beschrieben, welche Daten ich bei Ihrem Besuch auf meiner Website erhebe und zu welchem Zweck ich diese verarbeite. Alle relevanten Kontaktdaten entnehmen Sie bitte Punkt 10 dieser Datenschutzerkl\u00e4rung. Da mir der Schutz Ihrer personenbezogenen Daten ein besonderes Anliegen ist, halte ich mich beim Erheben und Verarbeiten Ihrer personenbezogenen Daten streng an die gesetzlichen Vorgaben des DSG und der EU-DSGVO. Im Folgenden informiere ich Sie detailliert \u00fcber den Umfang und den Zweck der Datenverarbeitung sowie Ihre Rechte als Betroffene\/r der Datenverarbeitung.<\/span><\/p>\n<p><span style=\"font-family: helvetica;\"><strong>\u00a0<\/strong><\/span><\/p>\n<p><span style=\"font-family: helvetica;\"><strong>1. Personenbezogene Daten<\/strong><\/span><\/p>\n<p><span style=\"font-family: helvetica;\">Die Nutzung meiner Website ist grunds\u00e4tzlich ohne Angabe von personenbezogenen Daten m\u00f6glich. F\u00fcr die Nutzung einzelner Services k\u00f6nnen sich jedoch abweichende Regelungen ergeben, auf die Sie gesondert hingewiesen werden.Von mir werden also grunds\u00e4tzlich nur diejenigen Daten erfasst und gespeichert, die Sie mir selbst dadurch mitteilen, dass Sie diese in eine Eingabemaske einf\u00fcgen oder auf sonstige Art und Weise aktiv mit meiner Website interagieren. Personenbezogene Daten sind alle Informationen, die sich auf eine identifizierte oder identifizierbare nat\u00fcrliche Person beziehen. Darunter fallen beispielsweise Ihr Namen, Ihre Anschrift, Ihre Telefonnummer oder Ihr Geburtsdatum, aber auch Ihre IP-Adresse oder Geolokationsdaten, die einen R\u00fcckschluss auf Sie zulassen.<\/span><\/p>\n<p>&nbsp;<\/p>\n<p><span style=\"font-family: helvetica;\"><strong>2. Verwendung von Cookies<\/strong><\/span><\/p>\n<p><span style=\"font-family: helvetica;\">Sofern Sie meine Website lediglich zu Informationszwecken nutzen, also wenn Sie mir nicht\u2013 etwa \u00fcber ein Kontaktformular \u2013 anderweitig Informationen \u00fcbermitteln, erhebe ich nur die personenbezogenen Daten, die Ihr Browser an unseren Server \u00fcbermittelt. Sofern Sie also meine Website besuchen m\u00f6chten, werden die nachfolgend angef\u00fchrten Daten erhoben, die technisch erforderlich sind, um Ihnen die Website anzuzeigen und deren Stabilit\u00e4t und Sicherheit gem. Art. 6 Abs. 1 S. 1 lit. f EU-DSGVO zu gew\u00e4hrleisten:<\/span><\/p>\n<ul>\n<li><span style=\"font-family: helvetica;\">IP-Adresse<\/span><\/li>\n<li><span style=\"font-family: helvetica;\">Datum und Uhrzeit der Anfrage<\/span><\/li>\n<li><span style=\"font-family: helvetica;\">Zeitzonendifferenz zur Greenwich Mean Time (GMT)<\/span><\/li>\n<li><span style=\"font-family: helvetica;\">Inhalt der Anforderung<\/span><\/li>\n<li><span style=\"font-family: helvetica;\">Zugriffsstatus \/ http-Statuscode<\/span><\/li>\n<li><span style=\"font-family: helvetica;\">Jeweils \u00fcbertragene Datenmenge<\/span><\/li>\n<li><span style=\"font-family: helvetica;\">Website, von der die Anforderung kommt<\/span><\/li>\n<li><span style=\"font-family: helvetica;\">Verwendeter Browser<\/span><\/li>\n<li><span style=\"font-family: helvetica;\">Betriebssystem und dessen Oberfl\u00e4che<\/span><\/li>\n<li><span style=\"font-family: helvetica;\">Sprache und Version der Browsersoftware<\/span><\/li>\n<\/ul>\n<h2><\/h2>\n<p><span style=\"font-family: helvetica;\"><strong>3. Erhebung und Verarbeitung personenbezogener Daten<\/strong><\/span><\/p>\n<p><span style=\"font-family: helvetica;\">Personenbezogene Daten werden von mir ausschlie\u00dflich verarbeitet, wenn Sie mir diese von sich aus freiwillig mitteilen, beispielsweise wenn Sie sich registrieren oder sonst mit mir in Kontakt treten. Dabei handelt es sich ausschlie\u00dflich um Kontaktdaten sowie Informationen zu den Anliegen, mit denen Sie an mich herantreten.Ich verwende die von Ihnen angegebenen personenbezogenen Daten ausschlie\u00dflich insoweit, als dies im Rahmen der Erf\u00fcllung des jeweiligen Zwecks der Verarbeitung erforderlich und dies gesetzlich (insb. gem. Art. 6 EU-DSGVO) zul\u00e4ssig ist.<\/span><\/p>\n<p><span style=\"font-family: helvetica;\">Zweck der Verarbeitung Ihrer Daten ist das Betreiben meiner Website und die Zurverf\u00fcgungstellung von Informationen. Eine dar\u00fcberhinausgehende Verwendung Ihrer Daten findet nur insoweit statt, als Sie zuvor ausdr\u00fccklich eingewilligt haben. Ihre Einwilligung k\u00f6nnen Sie \u2013 wie nachstehend noch detailliert erl\u00e4utert \u2013 jederzeit f\u00fcr die Zukunft widerrufen.<\/span><\/p>\n<p><span style=\"font-family: helvetica;\"><strong>\u00a0<\/strong><\/span><\/p>\n<p><span style=\"font-family: helvetica;\"><strong>4. Speicherdauer<\/strong><\/span><\/p>\n<p><span style=\"font-family: helvetica;\">Daten, die Sie mir ausschlie\u00dflich zur Patientenbetreuung bzw. Informationszwecke zur Verf\u00fcgung gestellt haben, werden grunds\u00e4tzlich bis zum Ablauf von drei Jahren nach unserem letzten Kontakt gespeichert. Sofern Sie dies w\u00fcnschen, werde ich Ihre Daten jedoch auch vor Ablauf dieser Frist l\u00f6schen, sofern kein gesetzliches Hindernis dem entgegensteht.<\/span><\/p>\n<p>&nbsp;<\/p>\n<p><span style=\"font-family: helvetica;\"><strong>5. Newsletter<\/strong><\/span><\/p>\n<p><span style=\"font-family: helvetica;\">Sie haben die M\u00f6glichkeit, unseren kostenlosen Newsletter zu abonnieren. Mit diesem Newsletter erhalten Sie in regelm\u00e4\u00dfigen Abst\u00e4nden alle aktuellen Neuigkeiten und Informationen \u00fcber unsere Ordination. Um unseren Newsletter empfangen zu k\u00f6nnen, ben\u00f6tigen sie eine g\u00fcltige E-Mail-Adresse. Die von Ihnen in unserer Anmeldemaske eingetragene E-Mail-Adresse \u00fcberpr\u00fcfen wir dahingehend, ob der Empfang von Newslettern tats\u00e4chlich gew\u00fcnscht ist. Bereits mit erster Anmeldung zum Newsletter speichern wir Ihre IP-Adresse, das Datum und die Uhrzeit Ihrer Anmeldung. Dies geschieht aus Sicherheitsgr\u00fcnden f\u00fcr den Fall, dass ein Dritter Ihre E-Mail-Adresse missbraucht und ohne Ihr Wissen unseren Newsletter abonniert. Weitere Daten werden von uns f\u00fcr das Newsletter Abonnement nicht erhoben und verarbeitet, die Daten werden ausschlie\u00dflich f\u00fcr den Bezug des Newsletters verwendet.<\/span><\/p>\n<p><span style=\"font-family: helvetica;\">Eine Weitergabe Ihrer Daten zur Newsletter-Anmeldung an Dritte, die nicht zum \u00c4rztezentrum f\u00fcr Hom\u00f6opathie geh\u00f6ren, erfolgt nicht. Den Bezug unserer Newsletters k\u00f6nnen Sie jederzeit beenden, die Details zur Abmeldung finden Sie im Best\u00e4tigungsmail und in jedem einzelnen Newsletter. Ich versende meine Newsletter \u00fcber das deutsche Unternehmen Newsletter2Go (mit Server in Deutschland und T\u00dcV Rheinland gepr\u00fcftem Datenschutz). Mit Newsletter2Go habe ich bereits einen Vertrag zur Auftragsdatenverarbeitung nach DSGVO geschlosse<strong>n.<\/strong><\/span><\/p>\n<p>&nbsp;<\/p>\n<p><span style=\"font-family: helvetica;\"><strong>6. Verwendete Tools und Applikationen<\/strong><\/span><\/p>\n<p><span style=\"font-family: helvetica;\">a. Auf meiner Website setze ich Links zu anderen Websites; dies erfolgt lediglich zu Informationszwecken. Diese Websites stehen nicht unter meiner Kontrolle und fallen daher nicht unter die Bestimmungen dieser Datenschutzerkl\u00e4rung. Sollten Sie jedoch einen Link aktivieren, ist es m\u00f6glich, dass der Betreiber dieser Website Daten \u00fcber Sie erhebt und diese gem\u00e4\u00df seiner Datenschutzerkl\u00e4rung, die von meiner abweichen kann, verarbeitet. Bitte informieren Sie sich stets auch auf den von mir verlinkten Websites \u00fcber die aktuellen Datenschutzbestimmungen.<\/span><\/p>\n<p><span style=\"font-family: helvetica;\">b. Auf unserer Website besteht zudem die M\u00f6glichkeit, \u00fcber Plugins mit Facebook (betrieben von der Facebook Ireland Ltd, 4 Grand Canal Square, Grand Canal Harbour, Dublin 2, Irland) zu interagieren. Wenn Sie auf ein Plugin dieses sozialen Netzwerkes klicken, wird dieses aktiviert und wie zuvor beschrieben eine Verbindung zum jeweiligen Server dieses Netzwerks hergestellt. Ich habe keinen Einfluss auf den Umfang und Inhalt der Daten, die durch den Klick auf das Plugin an den jeweiligen Betreiber dieses sozialen Netzwerks \u00fcbermittelt werden.<\/span><\/p>\n<p><span style=\"font-family: helvetica;\">Sollten Sie sich \u00fcber Art, Umfang und Zweck der von den Betreibern dieses sozialen Netzwerkes erhobenen Daten informieren wollen, empfehlen wir Ihnen, die Datenschutzbestimmungen von Facebook zu lesen.<\/span><\/p>\n<p>&nbsp;<\/p>\n<p><span style=\"font-family: helvetica;\"><strong>7. Daten\u00fcbermittlung<\/strong><\/span><\/p>\n<p><span style=\"font-family: helvetica;\">Eine \u00dcbermittlung Ihrer Daten an Dritte findet grunds\u00e4tzlich nicht statt, es sei denn, ich bin gesetzlich dazu verpflichtet oder Sie haben zuvor ausdr\u00fccklich in die Weitergabe Ihrer Daten eingewilligt.<\/span><\/p>\n<p><span style=\"font-family: helvetica;\">Ihre personenbezogenen Daten werden von mir nicht an Dritte ver\u00e4u\u00dfert oder anderweitig vermarktet.<\/span><\/p>\n<p><span style=\"font-family: helvetica;\"><strong>\u00a0<\/strong><\/span><\/p>\n<p><span style=\"font-family: helvetica;\"><strong>8. Sicherheit<\/strong><\/span><\/p>\n<p><span style=\"font-family: helvetica;\">Ich setze zahlreiche technische und organisatorische Sicherheitsma\u00dfnahmen ein, um Ihre Daten gegen Manipulationen, Verlust, Zerst\u00f6rung und gegen den Zugriff Dritter zu sch\u00fctzen. Diese Sicherheitsma\u00dfnahmen werden entsprechend der technologischen Entwicklung im Internet laufend verbessert.<\/span><\/p>\n<p>&nbsp;<\/p>\n<p><span style=\"font-family: helvetica;\"><strong>9. Ihre Rechte<\/strong><\/span><\/p>\n<p><span style=\"font-family: helvetica;\">Gem\u00e4\u00df der Datenschutz-Grundverordnung und dem Datenschutzgesetz stehen Ihnen als betroffene Person meiner Datenverarbeitung folgende Rechte und Rechtsbehelfe zu:<\/span><\/p>\n<p><span style=\"font-family: helvetica;\"><em>Recht auf Auskunft (Art. 15 EU-DSGVO)<\/em><\/span><\/p>\n<p><span style=\"font-family: helvetica;\">Sie haben als betroffene Person der oben beschriebenen und sonstigen Datenverarbeitung das Recht, Auskunft dar\u00fcber zu verlangen, ob und wenn ja, welche personenbezogenen Daten \u00fcber sie verarbeitet werden. Zu Ihrem eigenen Schutz \u2013 damit niemand Unberechtigter Auskunft \u00fcber Ihre Daten erh\u00e4lt \u2013 werde ich vor Auskunftserteilung ihre Identit\u00e4t in geeigneter Form nachpr\u00fcfen.<\/span><\/p>\n<p><span style=\"font-family: helvetica;\"><em>Recht auf Berichtigung (Art. 16) und L\u00f6schung (Art. 17 EU-DSGVO)<\/em><\/span><\/p>\n<p><span style=\"font-family: helvetica;\">Sie haben das Recht, unverz\u00fcglich die Berichtigung Sie betreffender unrichtiger personenbezogener Daten bzw. \u2013 unter Ber\u00fccksichtigung der Zwecke der Datenverarbeitung \u2013 die Vervollst\u00e4ndigung unvollst\u00e4ndiger personenbezogener Daten sowie die L\u00f6schung Ihrer Daten zu verlangen, sofern die Kriterien des Art. 17 EU-DSGVO erf\u00fcllt sind.<\/span><\/p>\n<p><span style=\"font-family: helvetica;\"><em>Recht auf Einschr\u00e4nkung der Verarbeitung (Art. 18 EU-DSGVO)<\/em><\/span><\/p>\n<p><span style=\"font-family: helvetica;\">Sie haben unter den gesetzlichen Voraussetzungen das Recht auf Einschr\u00e4nkung der Verarbeitung s\u00e4mtlicher erhobener personenbezogener Daten. Diese Daten werden ab dem Einschr\u00e4nkungsantrag nur mehr mit Ihrer individuellen Einwilligung bzw. zur Geltendmachung und Durchsetzung von Rechtsanspr\u00fcchen verarbeitet.<\/span><\/p>\n<p><span style=\"font-family: helvetica;\"><em>Recht auf Daten\u00fcbertragbarkeit (Art. 20 EU-DSGVO)<\/em><\/span><\/p>\n<p><span style=\"font-family: helvetica;\">Sie k\u00f6nnen die ungehinderte und uneingeschr\u00e4nkte \u00dcbermittlung von personenbezogenen Daten, die Sie uns bereitgestellt haben, an Sie oder einen Dritten verlangen.<\/span><\/p>\n<p><span style=\"font-family: helvetica;\"><em>Widerspruchsrecht (Art. 21 EU-DSGVO)<\/em><\/span><\/p>\n<p><span style=\"font-family: helvetica;\">Sie k\u00f6nnen aus Gr\u00fcnden, die sich aus ihrer besonderen Situation ergeben, jederzeit Widerspruch gegen die Verarbeitung der Sie betreffenden personenbezogenen Daten einlegen. Ihre Daten werden nach Widerspruch nicht mehr verarbeitet, es sei denn, es liegen zwingende schutzw\u00fcrdige Gr\u00fcnde f\u00fcr die Verarbeitung vor, die Ihre Interessen, Rechte und Freiheiten \u00fcberwiegen oder die Verarbeitung dient der Geltendmachung, Aus\u00fcbung oder Verteidigung von Rechtsanspr\u00fcchen.<\/span><\/p>\n<p><span style=\"font-family: helvetica;\"><em>Widerruf einer Einwilligung<\/em><\/span><\/p>\n<p><span style=\"font-family: helvetica;\">Falls Sie separat eine Einwilligung zur Verarbeitung Ihrer Daten erteilt haben, k\u00f6nnen Sie diese jederzeit widerrufen. Ein solcher Widerruf beeinflusst die Zul\u00e4ssigkeit der Verarbeitung Ihrer personenbezogenen Daten, nachdem Sie ihn mir gegen\u00fcber ausgesprochen haben.<\/span><\/p>\n<p><span style=\"font-family: helvetica;\">Ergreifen Sie eine Ma\u00dfnahme zur Durchsetzung Ihrer oben aufgef\u00fchrten Rechte aus der DSGVO, so hat Dr. Gudrun Schattenberg unverz\u00fcglich, sp\u00e4testens aber innerhalb eines Monats nach Eingang Ihres Antrags, zur beantragten Ma\u00dfnahme Stellung zu nehmen bzw. dem Antrag zu entsprechen.<\/span><\/p>\n<p><span style=\"font-family: helvetica;\">Wir werden auf alle angemessenen Anfragen im gesetzlichen Rahmen unentgeltlich und m\u00f6glichst umgehend reagieren.<\/span><\/p>\n<p>&nbsp;<\/p>\n<p><span style=\"font-family: helvetica;\">F\u00fcr Antr\u00e4ge betreffend Verletzung des Rechtes auf Auskunft, Verletzung der Rechte auf Geheimhaltung, auf Richtigstellung oder auf L\u00f6schung ist die Datenschutzbeh\u00f6rde zust\u00e4ndig. Deren Kontaktdaten lauten:<\/span><\/p>\n<p><span style=\"font-family: helvetica;\">\u00d6sterreichische Datenschutzbeh\u00f6rde<\/span><\/p>\n<p><span style=\"font-family: helvetica;\">Wickenburggasse 8<\/span><\/p>\n<p><span style=\"font-family: helvetica;\">1080 Wien<\/span><\/p>\n<p><span style=\"font-family: helvetica;\">dsb@dsb.gv.at<\/span><\/p>\n<h2><\/h2>\n<p><span style=\"font-family: helvetica;\"><strong>10. Kontaktinformationen \/ Ansprechperson<\/strong><\/span><\/p>\n<p><span style=\"font-family: helvetica;\">Dr. Gudrun Schattenberg<\/span><\/p>\n<p><span style=\"font-family: helvetica;\">Marktplatz 18<\/span><\/p>\n<p><span style=\"font-family: helvetica;\">4810 Gmunden<\/span><\/p>\n<p>&nbsp;<\/p>\n<p><span style=\"font-family: helvetica;\">Stand: Mai 2018<\/span><\/p>\n","protected":false},"excerpt":{"rendered":"<p>Datenschutzerkl\u00e4rung &nbsp; Diese Website wird betrieben von Dr. Gudrun Schattenberg, mit Sitz in Gmunden. In dieser Datenschutzerkl\u00e4rung wird von mir als Verantwortlichem nach Art. 4 Abs. 7 EU-DSGVO beschrieben, welche Daten ich bei Ihrem Besuch auf meiner Website erhebe und zu welchem Zweck ich diese verarbeite. Alle relevanten Kontaktdaten entnehmen &hellip;<\/p>\n","protected":false},"author":1,"featured_media":208,"parent":0,"menu_order":0,"comment_status":"closed","ping_status":"closed","template":"","meta":[],"_links":{"self":[{"href":"http:\/\/www.schattenberg.at\/cms\/wp-json\/wp\/v2\/pages\/298"}],"collection":[{"href":"http:\/\/www.schattenberg.at\/cms\/wp-json\/wp\/v2\/pages"}],"about":[{"href":"http:\/\/www.schattenberg.at\/cms\/wp-json\/wp\/v2\/types\/page"}],"author":[{"embeddable":true,"href":"http:\/\/www.schattenberg.at\/cms\/wp-json\/wp\/v2\/users\/1"}],"replies":[{"embeddable":true,"href":"http:\/\/www.schattenberg.at\/cms\/wp-json\/wp\/v2\/comments?post=298"}],"version-history":[{"count":14,"href":"http:\/\/www.schattenberg.at\/cms\/wp-json\/wp\/v2\/pages\/298\/revisions"}],"predecessor-version":[{"id":368,"href":"http:\/\/www.schattenberg.at\/cms\/wp-json\/wp\/v2\/pages\/298\/revisions\/368"}],"wp:featuredmedia":[{"embeddable":true,"href":"http:\/\/www.schattenberg.at\/cms\/wp-json\/wp\/v2\/media\/208"}],"wp:attachment":[{"href":"http:\/\/www.schattenberg.at\/cms\/wp-json\/wp\/v2\/media?parent=298"}],"curies":[{"name":"wp","href":"https:\/\/api.w.org\/{rel}","templated":true}]}}